{"id":852,"date":"2015-02-09T17:05:37","date_gmt":"2015-02-09T17:05:37","guid":{"rendered":"http:\/\/www.duartecaldeira.com\/?page_id=852"},"modified":"2015-02-13T20:41:47","modified_gmt":"2015-02-13T20:41:47","slug":"home","status":"publish","type":"page","link":"https:\/\/www.duartecaldeira.com\/en\/","title":{"rendered":"Duarte Caldeira | architect"},"content":{"rendered":"\n\t\t<!-- MasterSlider -->\n\t\t<div id=\"P_MS69f2f4d433442\" class=\"master-slider-parent ms-parent-id-1\" style=\"\" >\n\n\t\t\t\n\t\t\t<!-- MasterSlider Main -->\n\t\t\t<div id=\"MS69f2f4d433442\" class=\"master-slider ms-skin-default\" >\n\t\t\t\t \t\t\t\t \n\t\t\t<div  class=\"ms-slide\" data-delay=\"3\" data-fill-mode=\"fill\"   >\n\t\t\t\t\t<img decoding=\"async\" src=\"https:\/\/www.duartecaldeira.com\/wp-content\/plugins\/masterslider\/public\/assets\/css\/blank.gif\" alt=\"\" title=\"\" data-src=\"https:\/\/www.duartecaldeira.com\/wp-content\/uploads\/2015\/02\/1-can2.jpg\" \/>\n\t<a href=\"http:\/\/www.duartecaldeira.com\/portfolio_page\/edificio_cannavial\/\"     ><\/a>\n\n\n\t\t\t\t<\/div>\n\t\t\t<div  class=\"ms-slide\" data-delay=\"3\" data-fill-mode=\"fill\"   >\n\t\t\t\t\t<img decoding=\"async\" src=\"https:\/\/www.duartecaldeira.com\/wp-content\/plugins\/masterslider\/public\/assets\/css\/blank.gif\" alt=\"\" title=\"\" data-src=\"https:\/\/www.duartecaldeira.com\/wp-content\/uploads\/2015\/02\/2-MTI-noite.jpg\" \/>\n\t<a href=\"http:\/\/www.duartecaldeira.com\/portfolio_page\/museu_tecnologia_inovacao\/\"     ><\/a>\n\n\n\t\t\t\t<\/div>\n\t\t\t<div  class=\"ms-slide\" data-delay=\"3\" data-fill-mode=\"fill\"   >\n\t\t\t\t\t<img decoding=\"async\" src=\"https:\/\/www.duartecaldeira.com\/wp-content\/plugins\/masterslider\/public\/assets\/css\/blank.gif\" alt=\"\" title=\"\" data-src=\"https:\/\/www.duartecaldeira.com\/wp-content\/uploads\/2015\/02\/3-ConservatSVicente_005a.jpg\" \/>\n\t<a href=\"http:\/\/www.duartecaldeira.com\/portfolio_page\/conservatoria_sao_vicente\/\"     ><\/a>\n\n\n\t\t\t\t<\/div>\n\t\t\t<div  class=\"ms-slide\" data-delay=\"3\" data-fill-mode=\"fill\"   >\n\t\t\t\t\t<img decoding=\"async\" src=\"https:\/\/www.duartecaldeira.com\/wp-content\/plugins\/masterslider\/public\/assets\/css\/blank.gif\" alt=\"\" title=\"\" data-src=\"https:\/\/www.duartecaldeira.com\/wp-content\/uploads\/2015\/02\/4-CSSV_08.jpg\" \/>\n\t<a href=\"http:\/\/www.duartecaldeira.com\/portfolio_page\/centro_saude_sao_vicente\/\"     ><\/a>\n\n\n\t\t\t\t<\/div>\n\t\t\t<div  class=\"ms-slide\" data-delay=\"3\" data-fill-mode=\"fill\"   >\n\t\t\t\t\t<img decoding=\"async\" src=\"https:\/\/www.duartecaldeira.com\/wp-content\/plugins\/masterslider\/public\/assets\/css\/blank.gif\" alt=\"\" title=\"\" data-src=\"https:\/\/www.duartecaldeira.com\/wp-content\/uploads\/2015\/02\/5-CC-canico.jpg\" \/>\n\t<a href=\"http:\/\/www.duartecaldeira.com\/portfolio_page\/centro_civico_canico\/\"     ><\/a>\n\n\n\t\t\t\t<\/div>\n\t\t\t<div  class=\"ms-slide\" data-delay=\"3\" data-fill-mode=\"fill\"   >\n\t\t\t\t\t<img decoding=\"async\" src=\"https:\/\/www.duartecaldeira.com\/wp-content\/plugins\/masterslider\/public\/assets\/css\/blank.gif\" alt=\"\" title=\"\" data-src=\"https:\/\/www.duartecaldeira.com\/wp-content\/uploads\/2015\/02\/6-ccCani\u00e1o.jpg\" \/>\n\t<a href=\"http:\/\/www.duartecaldeira.com\/portfolio_page\/centro_civico_canico\/\"     ><\/a>\n\n\n\t\t\t\t<\/div>\n\t\t\t<div  class=\"ms-slide\" data-delay=\"3\" data-fill-mode=\"fill\"   >\n\t\t\t\t\t<img decoding=\"async\" src=\"https:\/\/www.duartecaldeira.com\/wp-content\/plugins\/masterslider\/public\/assets\/css\/blank.gif\" alt=\"\" title=\"\" data-src=\"https:\/\/www.duartecaldeira.com\/wp-content\/uploads\/2015\/02\/7-parque-tem\u2020tico-PT17.jpg\" \/>\n\t<a href=\"http:\/\/www.duartecaldeira.com\/portfolio_page\/parque_tematico_santana\/\"     ><\/a>\n\n\n\t\t\t\t<\/div>\n\t\t\t<div  class=\"ms-slide\" data-delay=\"3\" data-fill-mode=\"fill\"   >\n\t\t\t\t\t<img decoding=\"async\" src=\"https:\/\/www.duartecaldeira.com\/wp-content\/plugins\/masterslider\/public\/assets\/css\/blank.gif\" alt=\"\" title=\"\" data-src=\"https:\/\/www.duartecaldeira.com\/wp-content\/uploads\/2015\/02\/8-MTI-maquete.jpg\" \/>\n\t<a href=\"http:\/\/www.duartecaldeira.com\/portfolio_page\/museu_tecnologia_inovacao\/\"     ><\/a>\n\n\n\t\t\t\t<\/div>\n\t\t\t<div  class=\"ms-slide\" data-delay=\"3\" data-fill-mode=\"fill\"   >\n\t\t\t\t\t<img decoding=\"async\" src=\"https:\/\/www.duartecaldeira.com\/wp-content\/plugins\/masterslider\/public\/assets\/css\/blank.gif\" alt=\"\" title=\"\" data-src=\"https:\/\/www.duartecaldeira.com\/wp-content\/uploads\/2015\/02\/9-vila-stool-2.jpg\" \/>\n\t<a href=\"http:\/\/www.duartecaldeira.com\/portfolio_page\/design_mobiliario\/\"     ><\/a>\n\n\n\t\t\t\t<\/div>\n\t\t\t<div  class=\"ms-slide\" data-delay=\"3\" data-fill-mode=\"fill\"   >\n\t\t\t\t\t<img decoding=\"async\" src=\"https:\/\/www.duartecaldeira.com\/wp-content\/plugins\/masterslider\/public\/assets\/css\/blank.gif\" alt=\"\" title=\"\" data-src=\"https:\/\/www.duartecaldeira.com\/wp-content\/uploads\/2015\/02\/10-Porta-quarto-33a.jpg\" \/>\n\t<a href=\"http:\/\/www.duartecaldeira.com\/portfolio_page\/hotel_da_vila\/\"     ><\/a>\n\n\n\t\t\t\t<\/div>\n\t\t\t<div  class=\"ms-slide\" data-delay=\"3\" data-fill-mode=\"fill\"   >\n\t\t\t\t\t<img decoding=\"async\" src=\"https:\/\/www.duartecaldeira.com\/wp-content\/plugins\/masterslider\/public\/assets\/css\/blank.gif\" alt=\"\" title=\"\" data-src=\"https:\/\/www.duartecaldeira.com\/wp-content\/uploads\/2015\/02\/11-Largo-republica-105.jpg\" \/>\n\t<a href=\"http:\/\/www.duartecaldeira.com\/portfolio_page\/largo_republica\/\"     ><\/a>\n\n\n\t\t\t\t<\/div>\n\t\t\t<div  class=\"ms-slide\" data-delay=\"3\" data-fill-mode=\"fill\"   >\n\t\t\t\t\t<img decoding=\"async\" src=\"https:\/\/www.duartecaldeira.com\/wp-content\/plugins\/masterslider\/public\/assets\/css\/blank.gif\" alt=\"\" title=\"\" data-src=\"https:\/\/www.duartecaldeira.com\/wp-content\/uploads\/2015\/02\/12-Largo-Republica_158.jpg\" \/>\n\t<a href=\"http:\/\/www.duartecaldeira.com\/portfolio_page\/largo_republica\/\"     ><\/a>\n\n\n\t\t\t\t<\/div>\n\t\t\t<div  class=\"ms-slide\" data-delay=\"3\" data-fill-mode=\"fill\"   >\n\t\t\t\t\t<img decoding=\"async\" src=\"https:\/\/www.duartecaldeira.com\/wp-content\/plugins\/masterslider\/public\/assets\/css\/blank.gif\" alt=\"\" title=\"\" data-src=\"https:\/\/www.duartecaldeira.com\/wp-content\/uploads\/2015\/02\/13-ConservatSVic.jpg\" \/>\n\t<a href=\"http:\/\/www.duartecaldeira.com\/portfolio_page\/conservatoria_sao_vicente\/\"     ><\/a>\n\n\n\t\t\t\t<\/div>\n\t\t\t<div  class=\"ms-slide\" data-delay=\"3\" data-fill-mode=\"fill\"   >\n\t\t\t\t\t<img decoding=\"async\" src=\"https:\/\/www.duartecaldeira.com\/wp-content\/plugins\/masterslider\/public\/assets\/css\/blank.gif\" alt=\"\" title=\"\" data-src=\"https:\/\/www.duartecaldeira.com\/wp-content\/uploads\/2015\/02\/14-Ed-Disco.jpg\" \/>\n\t<a href=\"http:\/\/www.duartecaldeira.com\/portfolio_page\/edificio_entretenimento\/\"     ><\/a>\n\n\n\t\t\t\t<\/div>\n\n\t\t\t<\/div>\n\t\t\t<!-- END MasterSlider Main -->\n\n\t\t\t \n\t\t<\/div>\n\t\t<!-- END MasterSlider -->\n\n\t\t<script>\n\t\t( window.MSReady = window.MSReady || [] ).push( function( $ ) {\n\n\t\t\t\"use strict\";\n\t\t\tvar masterslider_3442 = new MasterSlider();\n\n\t\t\t\/\/ slider controls\n\t\t\tmasterslider_3442.control('arrows'     ,{ autohide:true, overVideo:true  });\n\t\t\tmasterslider_3442.control('bullets'    ,{ autohide:true, overVideo:true, dir:'h', align:'bottom', space:6 , margin:10  });\n\t\t\t\/\/ slider setup\n\t\t\tmasterslider_3442.setup(\"MS69f2f4d433442\", {\n\t\t\t\twidth           : 1600,\n\t\t\t\theight          : 900,\n\t\t\t\tminHeight       : 0,\n\t\t\t\tspace           : 0,\n\t\t\t\tstart           : 1,\n\t\t\t\tgrabCursor      : false,\n\t\t\t\tswipe           : true,\n\t\t\t\tmouse           : true,\n\t\t\t\tkeyboard        : false,\n\t\t\t\tlayout          : \"fullwidth\",\n\t\t\t\twheel           : false,\n\t\t\t\tautoplay        : true,\n                instantStartLayers:false,\n\t\t\t\tmobileBGVideo:false,\n\t\t\t\tloop            : true,\n\t\t\t\tshuffle         : false,\n\t\t\t\tpreload         : 0,\n\t\t\t\theightLimit     : true,\n\t\t\t\tautoHeight      : false,\n\t\t\t\tsmoothHeight    : true,\n\t\t\t\tendPause        : false,\n\t\t\t\toverPause       : false,\n\t\t\t\tfillMode        : \"fill\",\n\t\t\t\tcenterControls  : true,\n\t\t\t\tstartOnAppear   : false,\n\t\t\t\tlayersMode      : \"center\",\n\t\t\t\tautofillTarget  : \"\",\n\t\t\t\thideLayers      : false,\n\t\t\t\tfullscreenMargin: 0,\n\t\t\t\tspeed           : 20,\n\t\t\t\tdir             : \"h\",\n\t\t\t\tresponsive      : true,\n\t\t\t\ttabletWidth     : 768,\n\t\t\t\ttabletHeight    : null,\n\t\t\t\tphoneWidth      : 480,\n\t\t\t\tphoneHeight    : null,\n\t\t\t\tsizingReference : window,\n\t\t\t\tparallaxMode    : 'swipe',\n\t\t\t\tview            : \"basic\"\n\t\t\t});\n\n\t\t\t\n\t\t\twindow.masterslider_instances = window.masterslider_instances || [];\n\t\t\twindow.masterslider_instances.push( masterslider_3442 );\n\t\t});\n\t\t<\/script>\n\n\n","protected":false},"excerpt":{"rendered":"","protected":false},"author":1,"featured_media":887,"parent":0,"menu_order":0,"comment_status":"open","ping_status":"open","template":"","meta":{"_exactmetrics_skip_tracking":false,"_exactmetrics_sitenote_active":false,"_exactmetrics_sitenote_note":"","_exactmetrics_sitenote_category":0,"footnotes":""},"class_list":["post-852","page","type-page","status-publish","has-post-thumbnail","hentry"],"yoast_head":"<!-- This site is optimized with the Yoast SEO plugin v27.5 - https:\/\/yoast.com\/product\/yoast-seo-wordpress\/ -->\n<title>Duarte Caldeira | architect<\/title>\n<meta name=\"description\" content=\"O arquiteto Duarte Caldeira tem um vasto portef\u00f3lio de obras realizadas que inclui edif\u00edcios p\u00fablicos hot\u00e9is, empreendimentos residenciais e comerciais ...\" \/>\n<meta name=\"robots\" content=\"index, follow, max-snippet:-1, max-image-preview:large, max-video-preview:-1\" \/>\n<link rel=\"canonical\" href=\"https:\/\/www.duartecaldeira.com\/\" \/>\n<meta property=\"og:locale\" content=\"en_US\" \/>\n<meta property=\"og:type\" content=\"article\" \/>\n<meta property=\"og:title\" content=\"[:en]Duarte Caldeira | architect [:pt]Duarte Caldeira | arquiteto\" \/>\n<meta property=\"og:description\" content=\"O arquiteto Duarte Caldeira tem um vasto portef\u00f3lio de obras realizadas que inclui edif\u00edcios p\u00fablicos hot\u00e9is, empreendimentos residenciais e comerciais ...\" \/>\n<meta property=\"og:url\" content=\"https:\/\/www.duartecaldeira.com\/\" \/>\n<meta property=\"og:site_name\" content=\"Duarte Caldeira | architect\" \/>\n<meta property=\"article:modified_time\" content=\"2015-02-13T20:41:47+00:00\" \/>\n<meta property=\"og:image\" content=\"https:\/\/www.duartecaldeira.com\/wp-content\/uploads\/2014\/11\/foto-bio_2.jpg\" \/>\n\t<meta property=\"og:image:width\" content=\"1600\" \/>\n\t<meta property=\"og:image:height\" content=\"793\" \/>\n\t<meta property=\"og:image:type\" content=\"image\/jpeg\" \/>\n<script type=\"application\/ld+json\" class=\"yoast-schema-graph\">{\"@context\":\"https:\\\/\\\/schema.org\",\"@graph\":[{\"@type\":\"WebPage\",\"@id\":\"https:\\\/\\\/www.duartecaldeira.com\\\/\",\"url\":\"https:\\\/\\\/www.duartecaldeira.com\\\/\",\"name\":\"[:en]Duarte Caldeira | architect [:pt]Duarte Caldeira | arquiteto\",\"isPartOf\":{\"@id\":\"https:\\\/\\\/www.duartecaldeira.com\\\/#website\"},\"primaryImageOfPage\":{\"@id\":\"https:\\\/\\\/www.duartecaldeira.com\\\/#primaryimage\"},\"image\":{\"@id\":\"https:\\\/\\\/www.duartecaldeira.com\\\/#primaryimage\"},\"thumbnailUrl\":\"https:\\\/\\\/www.duartecaldeira.com\\\/wp-content\\\/uploads\\\/2014\\\/11\\\/foto-bio_2.jpg\",\"datePublished\":\"2015-02-09T17:05:37+00:00\",\"dateModified\":\"2015-02-13T20:41:47+00:00\",\"description\":\"O arquiteto Duarte Caldeira tem um vasto portef\u00f3lio de obras realizadas que inclui edif\u00edcios p\u00fablicos hot\u00e9is, empreendimentos residenciais e comerciais ...\",\"breadcrumb\":{\"@id\":\"https:\\\/\\\/www.duartecaldeira.com\\\/#breadcrumb\"},\"inLanguage\":\"en-US\",\"potentialAction\":[{\"@type\":\"ReadAction\",\"target\":[\"https:\\\/\\\/www.duartecaldeira.com\\\/\"]}]},{\"@type\":\"ImageObject\",\"inLanguage\":\"en-US\",\"@id\":\"https:\\\/\\\/www.duartecaldeira.com\\\/#primaryimage\",\"url\":\"https:\\\/\\\/www.duartecaldeira.com\\\/wp-content\\\/uploads\\\/2014\\\/11\\\/foto-bio_2.jpg\",\"contentUrl\":\"https:\\\/\\\/www.duartecaldeira.com\\\/wp-content\\\/uploads\\\/2014\\\/11\\\/foto-bio_2.jpg\",\"width\":1600,\"height\":793},{\"@type\":\"BreadcrumbList\",\"@id\":\"https:\\\/\\\/www.duartecaldeira.com\\\/#breadcrumb\",\"itemListElement\":[{\"@type\":\"ListItem\",\"position\":1,\"name\":\"In\u00edcio\",\"item\":\"https:\\\/\\\/www.duartecaldeira.com\\\/\"},{\"@type\":\"ListItem\",\"position\":2,\"name\":\"Duarte Caldeira | architectDuarte Caldeira | arquiteto\"}]},{\"@type\":\"WebSite\",\"@id\":\"https:\\\/\\\/www.duartecaldeira.com\\\/#website\",\"url\":\"https:\\\/\\\/www.duartecaldeira.com\\\/\",\"name\":\"Duarte Caldeira | architect\",\"description\":\"Duarte Caldeira | architect\",\"potentialAction\":[{\"@type\":\"SearchAction\",\"target\":{\"@type\":\"EntryPoint\",\"urlTemplate\":\"https:\\\/\\\/www.duartecaldeira.com\\\/?s={search_term_string}\"},\"query-input\":{\"@type\":\"PropertyValueSpecification\",\"valueRequired\":true,\"valueName\":\"search_term_string\"}}],\"inLanguage\":\"en-US\"}]}<\/script>\n<!-- \/ Yoast SEO plugin. -->","yoast_head_json":{"title":"Duarte Caldeira | architect","description":"O arquiteto Duarte Caldeira tem um vasto portef\u00f3lio de obras realizadas que inclui edif\u00edcios p\u00fablicos hot\u00e9is, empreendimentos residenciais e comerciais ...","robots":{"index":"index","follow":"follow","max-snippet":"max-snippet:-1","max-image-preview":"max-image-preview:large","max-video-preview":"max-video-preview:-1"},"canonical":"https:\/\/www.duartecaldeira.com\/","og_locale":"en_US","og_type":"article","og_title":"[:en]Duarte Caldeira | architect [:pt]Duarte Caldeira | arquiteto","og_description":"O arquiteto Duarte Caldeira tem um vasto portef\u00f3lio de obras realizadas que inclui edif\u00edcios p\u00fablicos hot\u00e9is, empreendimentos residenciais e comerciais ...","og_url":"https:\/\/www.duartecaldeira.com\/","og_site_name":"Duarte Caldeira | architect","article_modified_time":"2015-02-13T20:41:47+00:00","og_image":[{"width":1600,"height":793,"url":"https:\/\/www.duartecaldeira.com\/wp-content\/uploads\/2014\/11\/foto-bio_2.jpg","type":"image\/jpeg"}],"schema":{"@context":"https:\/\/schema.org","@graph":[{"@type":"WebPage","@id":"https:\/\/www.duartecaldeira.com\/","url":"https:\/\/www.duartecaldeira.com\/","name":"[:en]Duarte Caldeira | architect [:pt]Duarte Caldeira | arquiteto","isPartOf":{"@id":"https:\/\/www.duartecaldeira.com\/#website"},"primaryImageOfPage":{"@id":"https:\/\/www.duartecaldeira.com\/#primaryimage"},"image":{"@id":"https:\/\/www.duartecaldeira.com\/#primaryimage"},"thumbnailUrl":"https:\/\/www.duartecaldeira.com\/wp-content\/uploads\/2014\/11\/foto-bio_2.jpg","datePublished":"2015-02-09T17:05:37+00:00","dateModified":"2015-02-13T20:41:47+00:00","description":"O arquiteto Duarte Caldeira tem um vasto portef\u00f3lio de obras realizadas que inclui edif\u00edcios p\u00fablicos hot\u00e9is, empreendimentos residenciais e comerciais ...","breadcrumb":{"@id":"https:\/\/www.duartecaldeira.com\/#breadcrumb"},"inLanguage":"en-US","potentialAction":[{"@type":"ReadAction","target":["https:\/\/www.duartecaldeira.com\/"]}]},{"@type":"ImageObject","inLanguage":"en-US","@id":"https:\/\/www.duartecaldeira.com\/#primaryimage","url":"https:\/\/www.duartecaldeira.com\/wp-content\/uploads\/2014\/11\/foto-bio_2.jpg","contentUrl":"https:\/\/www.duartecaldeira.com\/wp-content\/uploads\/2014\/11\/foto-bio_2.jpg","width":1600,"height":793},{"@type":"BreadcrumbList","@id":"https:\/\/www.duartecaldeira.com\/#breadcrumb","itemListElement":[{"@type":"ListItem","position":1,"name":"In\u00edcio","item":"https:\/\/www.duartecaldeira.com\/"},{"@type":"ListItem","position":2,"name":"Duarte Caldeira | architectDuarte Caldeira | arquiteto"}]},{"@type":"WebSite","@id":"https:\/\/www.duartecaldeira.com\/#website","url":"https:\/\/www.duartecaldeira.com\/","name":"Duarte Caldeira | architect","description":"Duarte Caldeira | architect","potentialAction":[{"@type":"SearchAction","target":{"@type":"EntryPoint","urlTemplate":"https:\/\/www.duartecaldeira.com\/?s={search_term_string}"},"query-input":{"@type":"PropertyValueSpecification","valueRequired":true,"valueName":"search_term_string"}}],"inLanguage":"en-US"}]}},"_links":{"self":[{"href":"https:\/\/www.duartecaldeira.com\/en\/wp-json\/wp\/v2\/pages\/852","targetHints":{"allow":["GET"]}}],"collection":[{"href":"https:\/\/www.duartecaldeira.com\/en\/wp-json\/wp\/v2\/pages"}],"about":[{"href":"https:\/\/www.duartecaldeira.com\/en\/wp-json\/wp\/v2\/types\/page"}],"author":[{"embeddable":true,"href":"https:\/\/www.duartecaldeira.com\/en\/wp-json\/wp\/v2\/users\/1"}],"replies":[{"embeddable":true,"href":"https:\/\/www.duartecaldeira.com\/en\/wp-json\/wp\/v2\/comments?post=852"}],"version-history":[{"count":0,"href":"https:\/\/www.duartecaldeira.com\/en\/wp-json\/wp\/v2\/pages\/852\/revisions"}],"wp:featuredmedia":[{"embeddable":true,"href":"https:\/\/www.duartecaldeira.com\/en\/wp-json\/wp\/v2\/media\/887"}],"wp:attachment":[{"href":"https:\/\/www.duartecaldeira.com\/en\/wp-json\/wp\/v2\/media?parent=852"}],"curies":[{"name":"wp","href":"https:\/\/api.w.org\/{rel}","templated":true}]}}